{"id":4014,"date":"2026-04-24T13:24:53","date_gmt":"2026-04-24T11:24:53","guid":{"rendered":"https:\/\/kompass-karrieremesse.de\/?page_id=4014"},"modified":"2026-04-24T13:38:09","modified_gmt":"2026-04-24T11:38:09","slug":"th-wildau","status":"publish","type":"page","link":"https:\/\/kompass-karrieremesse.de\/en\/th-wildau\/","title":{"rendered":"TH Wildau"},"content":{"rendered":"<div data-elementor-type=\"wp-page\" data-elementor-id=\"4014\" class=\"elementor elementor-4014\">\n\t\t\t\t<div class=\"elementor-element elementor-element-5c57ecd e-flex e-con-boxed wpr-particle-no wpr-jarallax-no wpr-parallax-no wpr-sticky-section-no wpr-equal-height-no e-con e-parent\" data-id=\"5c57ecd\" data-element_type=\"container\" data-e-type=\"container\" data-settings=\"{&quot;background_background&quot;:&quot;classic&quot;,&quot;_ha_eqh_enable&quot;:false}\">\n\t\t\t\t\t<div class=\"e-con-inner\">\n\t\t\t\t<div class=\"elementor-element elementor-element-1075b4e elementor-invisible elementor-widget elementor-widget-heading\" data-id=\"1075b4e\" data-element_type=\"widget\" data-e-type=\"widget\" data-settings=\"{&quot;_animation&quot;:&quot;fadeInDown&quot;}\" data-widget_type=\"heading.default\">\n\t\t\t\t\t<h2 class=\"elementor-heading-title elementor-size-default\">Technische Hochschule Wildau<\/h2>\t\t\t\t<\/div>\n\t\t\t\t<div class=\"elementor-element elementor-element-9ad1e25 elementor-widget-divider--view-line elementor-invisible elementor-widget elementor-widget-divider\" data-id=\"9ad1e25\" data-element_type=\"widget\" data-e-type=\"widget\" data-settings=\"{&quot;_animation&quot;:&quot;fadeInUp&quot;}\" data-widget_type=\"divider.default\">\n\t\t\t\t\t\t\t<div class=\"elementor-divider\">\n\t\t\t<span class=\"elementor-divider-separator\">\n\t\t\t\t\t\t<\/span>\n\t\t<\/div>\n\t\t\t\t\t\t<\/div>\n\t\t\t\t\t<\/div>\n\t\t\t\t<\/div>\n\t\t<div class=\"elementor-element elementor-element-8d8d0da e-flex e-con-boxed wpr-particle-no wpr-jarallax-no wpr-parallax-no wpr-sticky-section-no wpr-equal-height-no e-con e-parent\" data-id=\"8d8d0da\" data-element_type=\"container\" data-e-type=\"container\" data-settings=\"{&quot;background_background&quot;:&quot;gradient&quot;,&quot;_ha_eqh_enable&quot;:false}\">\n\t\t\t\t\t<div class=\"e-con-inner\">\n\t\t<div class=\"elementor-element elementor-element-011157e e-con-full e-flex wpr-particle-no wpr-jarallax-no wpr-parallax-no wpr-sticky-section-no wpr-equal-height-no e-con e-child\" data-id=\"011157e\" data-element_type=\"container\" data-e-type=\"container\" data-settings=\"{&quot;_ha_eqh_enable&quot;:false}\">\n\t\t<div class=\"elementor-element elementor-element-8aca8e8 e-con-full e-flex wpr-particle-no wpr-jarallax-no wpr-parallax-no wpr-sticky-section-no wpr-equal-height-no elementor-invisible e-con e-child\" data-id=\"8aca8e8\" data-element_type=\"container\" data-e-type=\"container\" data-settings=\"{&quot;animation&quot;:&quot;fadeInLeft&quot;,&quot;_ha_eqh_enable&quot;:false}\">\n\t\t\t\t<div class=\"elementor-element elementor-element-ace29bb elementor-widget elementor-widget-text-editor\" data-id=\"ace29bb\" data-element_type=\"widget\" data-e-type=\"widget\" data-widget_type=\"text-editor.default\">\n\t\t\t\t\t\t\t\t\t<p class=\"translation-block\">We are an open and interconnected university of applied sciences and see ourselves as a hub for innovation. Here, students, faculty, staff, researchers, businesses, and partners work together as equals\u2014in a practical and values-driven manner\u2014to develop solutions for a sustainable and, therefore, livable future. <br><br>As a modern learning and research campus that consistently integrates technology and management, we aim to actively shape societal development. This shapes our teaching, learning, research, and collaboration.<\/p>\t\t\t\t\t\t\t\t<\/div>\n\t\t\t\t<\/div>\n\t\t<div class=\"elementor-element elementor-element-a52df21 e-flex e-con-boxed wpr-particle-no wpr-jarallax-no wpr-parallax-no wpr-sticky-section-no wpr-equal-height-no elementor-invisible e-con e-child\" data-id=\"a52df21\" data-element_type=\"container\" data-e-type=\"container\" data-settings=\"{&quot;animation&quot;:&quot;fadeInRight&quot;,&quot;_ha_eqh_enable&quot;:false}\">\n\t\t\t\t\t<div class=\"e-con-inner\">\n\t\t\t\t<div class=\"elementor-element elementor-element-dcdc7a2 ha-has-bg-overlay elementor-widget elementor-widget-image\" data-id=\"dcdc7a2\" data-element_type=\"widget\" data-e-type=\"widget\" data-widget_type=\"image.default\">\n\t\t\t\t\t\t\t\t\t\t\t\t\t\t\t\t<a href=\"https:\/\/en.th-wildau.de\/\">\n\t\t\t\t\t\t\t<img fetchpriority=\"high\" decoding=\"async\" width=\"548\" height=\"220\" src=\"https:\/\/kompass-karrieremesse.de\/wp-content\/uploads\/2026\/04\/TH-Wildau-Logo_HKS44.png\" class=\"attachment-large size-large wp-image-4013\" alt=\"\" srcset=\"https:\/\/kompass-karrieremesse.de\/wp-content\/uploads\/2026\/04\/TH-Wildau-Logo_HKS44.png 548w, https:\/\/kompass-karrieremesse.de\/wp-content\/uploads\/2026\/04\/TH-Wildau-Logo_HKS44-300x120.png 300w, https:\/\/kompass-karrieremesse.de\/wp-content\/uploads\/2026\/04\/TH-Wildau-Logo_HKS44-18x7.png 18w\" sizes=\"(max-width: 548px) 100vw, 548px\" \/>\t\t\t\t\t\t\t\t<\/a>\n\t\t\t\t\t\t\t\t\t\t\t\t\t\t\t<\/div>\n\t\t\t\t\t<\/div>\n\t\t\t\t<\/div>\n\t\t\t\t<\/div>\n\t\t<div class=\"elementor-element elementor-element-3cfa2aa e-con-full e-flex eael_liquid_glass-effect1 eael_liquid_glass_shadow-effect1 wpr-particle-no wpr-jarallax-no wpr-parallax-no wpr-sticky-section-no wpr-equal-height-no elementor-invisible e-con e-child\" data-id=\"3cfa2aa\" data-element_type=\"container\" data-e-type=\"container\" data-settings=\"{&quot;animation&quot;:&quot;fadeInUp&quot;,&quot;_ha_eqh_enable&quot;:false}\">\n\t\t<div class=\"elementor-element elementor-element-57378ab e-con-full e-flex wpr-particle-no wpr-jarallax-no wpr-parallax-no wpr-sticky-section-no wpr-equal-height-no e-con e-child\" data-id=\"57378ab\" data-element_type=\"container\" data-e-type=\"container\" data-settings=\"{&quot;_ha_eqh_enable&quot;:false}\">\n\t\t<div class=\"elementor-element elementor-element-270c25b e-con-full e-flex wpr-particle-no wpr-jarallax-no wpr-parallax-no wpr-sticky-section-no wpr-equal-height-no e-con e-child\" data-id=\"270c25b\" data-element_type=\"container\" data-e-type=\"container\" data-settings=\"{&quot;_ha_eqh_enable&quot;:false}\">\n\t\t\t\t<div class=\"elementor-element elementor-element-78e8e73 elementor-widget elementor-widget-heading\" data-id=\"78e8e73\" data-element_type=\"widget\" data-e-type=\"widget\" data-widget_type=\"heading.default\">\n\t\t\t\t\t<h2 class=\"elementor-heading-title elementor-size-default\">Who are we looking for?<\/h2>\t\t\t\t<\/div>\n\t\t\t\t<div class=\"elementor-element elementor-element-492e6b8 elementor-widget elementor-widget-text-editor\" data-id=\"492e6b8\" data-element_type=\"widget\" data-e-type=\"widget\" data-widget_type=\"text-editor.default\">\n\t\t\t\t\t\t\t\t\t<p>We are seeking individuals for teaching, research, and administrative roles in our departments of Business, Computer Science, Law, Engineering, and Natural Sciences\u2014including those interested in cross-departmental and interdisciplinary work.<\/p>\t\t\t\t\t\t\t\t<\/div>\n\t\t\t\t<div class=\"elementor-element elementor-element-6a089f8 elementor-widget elementor-widget-heading\" data-id=\"6a089f8\" data-element_type=\"widget\" data-e-type=\"widget\" data-widget_type=\"heading.default\">\n\t\t\t\t\t<h2 class=\"elementor-heading-title elementor-size-default\">Your career opportunities with us<\/h2>\t\t\t\t<\/div>\n\t\t\t\t<div class=\"elementor-element elementor-element-31b9ec6 elementor-widget elementor-widget-text-editor\" data-id=\"31b9ec6\" data-element_type=\"widget\" data-e-type=\"widget\" data-widget_type=\"text-editor.default\">\n\t\t\t\t\t\t\t\t\t<p>Get started at TH Wildau: You can do so through work-study positions, as a student assistant or research assistant\u2014or by joining directly as a research or non-research staff member, adjunct lecturer, or professor.<\/p>\t\t\t\t\t\t\t\t<\/div>\n\t\t\t\t<div class=\"elementor-element elementor-element-497c6f2 elementor-widget elementor-widget-heading\" data-id=\"497c6f2\" data-element_type=\"widget\" data-e-type=\"widget\" data-widget_type=\"heading.default\">\n\t\t\t\t\t<h2 class=\"elementor-heading-title elementor-size-default\">Our working environment<\/h2>\t\t\t\t<\/div>\n\t\t\t\t<div class=\"elementor-element elementor-element-d9f0ede elementor-widget elementor-widget-text-editor\" data-id=\"d9f0ede\" data-element_type=\"widget\" data-e-type=\"widget\" data-widget_type=\"text-editor.default\">\n\t\t\t\t\t\t\t\t\t<p>Our campus in Wildau, southeast of Berlin, is known throughout the metropolitan region as a place for connection, lifelong learning, and collaboration among diverse professional and cultural backgrounds. State-of-the-art facilities and 19th-century industrial architecture reflect, on the outside, what matters to us both professionally and personally: we bring people together!<\/p>\t\t\t\t\t\t\t\t<\/div>\n\t\t\t\t<\/div>\n\t\t\t\t<\/div>\n\t\t<div class=\"elementor-element elementor-element-d04079f e-con-full e-flex wpr-particle-no wpr-jarallax-no wpr-parallax-no wpr-sticky-section-no wpr-equal-height-no e-con e-child\" data-id=\"d04079f\" data-element_type=\"container\" data-e-type=\"container\" data-settings=\"{&quot;_ha_eqh_enable&quot;:false}\">\n\t\t<div class=\"elementor-element elementor-element-911a43d e-con-full e-flex wpr-particle-no wpr-jarallax-no wpr-parallax-no wpr-sticky-section-no wpr-equal-height-no e-con e-child\" data-id=\"911a43d\" data-element_type=\"container\" data-e-type=\"container\" data-settings=\"{&quot;_ha_eqh_enable&quot;:false}\">\n\t\t\t\t<div class=\"elementor-element elementor-element-49b5583 elementor-widget elementor-widget-heading\" data-id=\"49b5583\" data-element_type=\"widget\" data-e-type=\"widget\" data-widget_type=\"heading.default\">\n\t\t\t\t\t<h2 class=\"elementor-heading-title elementor-size-default\">Why is it worth visiting our booth?<\/h2>\t\t\t\t<\/div>\n\t\t\t\t<div class=\"elementor-element elementor-element-fe2aa02 elementor-widget elementor-widget-text-editor\" data-id=\"fe2aa02\" data-element_type=\"widget\" data-e-type=\"widget\" data-widget_type=\"text-editor.default\">\n\t\t\t\t\t\t\t\t\t<p>We\u2019ve put together a diverse lineup for our booth at the Kompass Career Fair: you\u2019ll find current job openings as well as the opportunity to get brief advice on any questions you may have about academic careers.<\/p><p><strong>Kommt vorbei, wir freuen uns auf euch!<\/strong><\/p>\t\t\t\t\t\t\t\t<\/div>\n\t\t\t\t<div class=\"elementor-element elementor-element-710c1de elementor-widget elementor-widget-image\" data-id=\"710c1de\" data-element_type=\"widget\" data-e-type=\"widget\" data-widget_type=\"image.default\">\n\t\t\t\t\t\t\t\t\t\t\t\t\t\t\t\t<a href=\"https:\/\/www.google.com\/maps\/place\/koviko+-+Business+Education+Technology\/@52.3869939,13.1194853,17z\/data=!3m1!4b1!4m6!3m5!1s0x47a8f5efd0cfc791:0xfcc6fc96506a0337!8m2!3d52.3869939!4d13.1220602!16s%2Fg%2F11bwym29n5?entry=ttu&#038;g_ep=EgoyMDI2MDMyNC4wIKXMDSoASAFQAw%3D%3D\">\n\t\t\t\t\t\t\t<img decoding=\"async\" width=\"1024\" height=\"683\" src=\"https:\/\/kompass-karrieremesse.de\/wp-content\/uploads\/2026\/04\/KpE-TH-Wildau-FOX_Voelkner_241016_131_max-1024x683.jpg\" class=\"attachment-large size-large wp-image-4012\" alt=\"\" srcset=\"https:\/\/kompass-karrieremesse.de\/wp-content\/uploads\/2026\/04\/KpE-TH-Wildau-FOX_Voelkner_241016_131_max-1024x683.jpg 1024w, https:\/\/kompass-karrieremesse.de\/wp-content\/uploads\/2026\/04\/KpE-TH-Wildau-FOX_Voelkner_241016_131_max-300x200.jpg 300w, https:\/\/kompass-karrieremesse.de\/wp-content\/uploads\/2026\/04\/KpE-TH-Wildau-FOX_Voelkner_241016_131_max-768x512.jpg 768w, https:\/\/kompass-karrieremesse.de\/wp-content\/uploads\/2026\/04\/KpE-TH-Wildau-FOX_Voelkner_241016_131_max-1536x1024.jpg 1536w, https:\/\/kompass-karrieremesse.de\/wp-content\/uploads\/2026\/04\/KpE-TH-Wildau-FOX_Voelkner_241016_131_max-2048x1366.jpg 2048w, https:\/\/kompass-karrieremesse.de\/wp-content\/uploads\/2026\/04\/KpE-TH-Wildau-FOX_Voelkner_241016_131_max-18x12.jpg 18w\" sizes=\"(max-width: 1024px) 100vw, 1024px\" \/>\t\t\t\t\t\t\t\t<\/a>\n\t\t\t\t\t\t\t\t\t\t\t\t\t\t\t<\/div>\n\t\t\t\t<div class=\"elementor-element elementor-element-55fa1c7 elementor-widget elementor-widget-heading\" data-id=\"55fa1c7\" data-element_type=\"widget\" data-e-type=\"widget\" data-widget_type=\"heading.default\">\n\t\t\t\t\t<h2 class=\"elementor-heading-title elementor-size-default\">Facts &amp; Contact<\/h2>\t\t\t\t<\/div>\n\t\t\t\t<div class=\"elementor-element elementor-element-6898b98 elementor-widget elementor-widget-text-editor\" data-id=\"6898b98\" data-element_type=\"widget\" data-e-type=\"widget\" data-widget_type=\"text-editor.default\">\n\t\t\t\t\t\t\t\t\t<ul><li>83 professors (as of December 2025)<\/li><li>616 employees, including research assistants and student assistants (December 2025)<\/li><li>Founded in 1991<\/li><\/ul>\t\t\t\t\t\t\t\t<\/div>\n\t\t\t\t<div class=\"elementor-element elementor-element-d846234 elementor-widget elementor-widget-text-editor\" data-id=\"d846234\" data-element_type=\"widget\" data-e-type=\"widget\" data-widget_type=\"text-editor.default\">\n\t\t\t\t\t\t\t\t\t<p class=\"translation-block\"><strong>Contact person for the trade show:<br><\/strong>Susanne Voltmer<br>Director of the Career Center for Faculty Development,<br><strong>Email:<\/strong> <a href=\"mailto:susanne.voltmer@th-wildau.de\" target=\"_self\">susanne.voltmer@th-wildau.de<\/a><strong><br><\/strong><\/p>\t\t\t\t\t\t\t\t<\/div>\n\t\t\t\t<\/div>\n\t\t\t\t<\/div>\n\t\t\t\t<\/div>\n\t\t\t\t\t<\/div>\n\t\t\t\t<\/div>\n\t\t\t\t<\/div>","protected":false},"excerpt":{"rendered":"<p>Technische Hochschule Wildau Wir sind eine offene und vernetzte Hochschule f\u00fcr Angewandte Wissenschaften und verstehen uns als Spielraum f\u00fcr Innovation. Hier arbeiten Studierende, Lehrende, Besch\u00e4ftigte, Forschende, Unternehmen sowie Partner*innen gemeinsam und auf Augenh\u00f6he praxisnah und werteorientiert an L\u00f6sungen f\u00fcr eine nachhaltige und damit lebenswerte Zukunft. Als moderner Lern- und Forschungscampus, der Technologie und Management konsequent miteinander verbindet, wollen wir Gesellschaftsentwicklung aktiv mitgestalten. Dies pr\u00e4gt unser Lehren, Lernen, Forschen und unsere Zusammenarbeit. Wen wir suchen? F\u00fcr unsere Fachbereiche Wirtschaft, Informatik, Recht sowie Ingenieur- und Naturwissenschaften suchen wir Personen in Lehre, Forschung und Verwaltung \u2013 auch gern fachbereichs\u00fcbergreifend und interdisziplin\u00e4r arbeitend. Eure Einstiegsm\u00f6glichkeiten bei uns Einsteigen an der TH Wildau: Das geht \u00fcber Werkstudierendent\u00e4tigkeiten, als Studentische oder Wissenschaftliche Hilfskraft &#8211; oder per Direkteinstieg als Wissenschaftliche*r oder Nicht-Wissenschaftliche*r Mitarbeiter*in, Lehrbeauftragte*r oder Professor*in. Unser Arbeitsumfeld Unser Campus in Wildau s\u00fcd\u00f6stlich von Berlin ist in der Metropolregion bekannt als ein Ort der Begegnung, des lebenslangen Lernens und gemeinsamen Arbeitens unterschiedlicher (Fach-)Kulturen. Eine hochmoderne Ausstattung und Industriearchitektur aus dem 19. Jahrhundert symbolisieren im \u00c4u\u00dferen das, was uns auch fachlich und menschlich wichtig ist: wir verbinden! Warum lohnt sich ein Besuch an unserem Messestand? F\u00fcr unseren Stand auf der Kompass Karrieremesse haben wir einen bunten Mix f\u00fcr euch vorbereitet: aktuelle Stellenangebote erwarten euch ebenso wie die M\u00f6glichkeit einer Kurzberatung zu allen Fragen bez\u00fcglich wissenschaftlicher Karriere. Kommt vorbei, wir freuen uns auf euch! Fakten &amp; Kontakt 83 Professorinnen und Professoren (Stand 12\/2025) 616 Besch\u00e4ftigte inkl. wissenschaftliche und studentische Hilfskr\u00e4fte (12\/2025) Gr\u00fcndung 1991 Ansprechperson rund um den Messeauftritt:Susanne VoltmerLeitung Karrierezentrum f\u00fcr professorale Entwicklung,E-Mail: susanne.voltmer@th-wildau.de<\/p>","protected":false},"author":1,"featured_media":0,"parent":0,"menu_order":0,"comment_status":"closed","ping_status":"closed","template":"","meta":{"site-sidebar-layout":"no-sidebar","site-content-layout":"","ast-site-content-layout":"full-width-container","site-content-style":"default","site-sidebar-style":"default","ast-global-header-display":"","ast-banner-title-visibility":"","ast-main-header-display":"","ast-hfb-above-header-display":"","ast-hfb-below-header-display":"","ast-hfb-mobile-header-display":"","site-post-title":"disabled","ast-breadcrumbs-content":"","ast-featured-img":"disabled","footer-sml-layout":"","ast-disable-related-posts":"","theme-transparent-header-meta":"default","adv-header-id-meta":"","stick-header-meta":"","header-above-stick-meta":"","header-main-stick-meta":"","header-below-stick-meta":"","astra-migrate-meta-layouts":"default","ast-page-background-enabled":"default","ast-page-background-meta":{"desktop":{"background-color":"var(--ast-global-color-5)","background-image":"","background-repeat":"repeat","background-position":"center center","background-size":"auto","background-attachment":"scroll","background-type":"","background-media":"","overlay-type":"","overlay-color":"","overlay-opacity":"","overlay-gradient":""},"tablet":{"background-color":"","background-image":"","background-repeat":"repeat","background-position":"center center","background-size":"auto","background-attachment":"scroll","background-type":"","background-media":"","overlay-type":"","overlay-color":"","overlay-opacity":"","overlay-gradient":""},"mobile":{"background-color":"","background-image":"","background-repeat":"repeat","background-position":"center center","background-size":"auto","background-attachment":"scroll","background-type":"","background-media":"","overlay-type":"","overlay-color":"","overlay-opacity":"","overlay-gradient":""}},"ast-content-background-meta":{"desktop":{"background-color":"var(--ast-global-color-4)","background-image":"","background-repeat":"repeat","background-position":"center center","background-size":"auto","background-attachment":"scroll","background-type":"","background-media":"","overlay-type":"","overlay-color":"","overlay-opacity":"","overlay-gradient":""},"tablet":{"background-color":"var(--ast-global-color-4)","background-image":"","background-repeat":"repeat","background-position":"center center","background-size":"auto","background-attachment":"scroll","background-type":"","background-media":"","overlay-type":"","overlay-color":"","overlay-opacity":"","overlay-gradient":""},"mobile":{"background-color":"var(--ast-global-color-4)","background-image":"","background-repeat":"repeat","background-position":"center center","background-size":"auto","background-attachment":"scroll","background-type":"","background-media":"","overlay-type":"","overlay-color":"","overlay-opacity":"","overlay-gradient":""}},"footnotes":""},"class_list":["post-4014","page","type-page","status-publish","hentry"],"yoast_head":"<!-- This site is optimized with the Yoast SEO plugin v27.5 - https:\/\/yoast.com\/product\/yoast-seo-wordpress\/ -->\n<title>TH Wildau - Kompass-Karrieremesse<\/title>\n<meta name=\"description\" content=\"Haben Sie Fragen? In unserem FAQ-Bereich finden Sie schnelle Antworten auf h\u00e4ufig gestellte Anliegen. Entdecken Sie hilfreiche Informationen\" \/>\n<meta name=\"robots\" content=\"index, follow, max-snippet:-1, max-image-preview:large, max-video-preview:-1\" \/>\n<link rel=\"canonical\" href=\"https:\/\/kompass-karrieremesse.de\/en\/th-wildau\/\" \/>\n<meta property=\"og:locale\" content=\"en_GB\" \/>\n<meta property=\"og:type\" content=\"article\" \/>\n<meta property=\"og:title\" content=\"TH Wildau - Kompass-Karrieremesse\" \/>\n<meta property=\"og:description\" content=\"Haben Sie Fragen? In unserem FAQ-Bereich finden Sie schnelle Antworten auf h\u00e4ufig gestellte Anliegen. Entdecken Sie hilfreiche Informationen\" \/>\n<meta property=\"og:url\" content=\"https:\/\/kompass-karrieremesse.de\/en\/th-wildau\/\" \/>\n<meta property=\"og:site_name\" content=\"Kompass-Karrieremesse\" \/>\n<meta property=\"article:modified_time\" content=\"2026-04-24T11:38:09+00:00\" \/>\n<meta property=\"og:image\" content=\"https:\/\/kompass-karrieremesse.de\/wp-content\/uploads\/2026\/04\/TH-Wildau-Logo_HKS44.png\" \/>\n\t<meta property=\"og:image:width\" content=\"548\" \/>\n\t<meta property=\"og:image:height\" content=\"220\" \/>\n\t<meta property=\"og:image:type\" content=\"image\/png\" \/>\n<meta name=\"twitter:card\" content=\"summary_large_image\" \/>\n<meta name=\"twitter:label1\" content=\"Estimated reading time\" \/>\n\t<meta name=\"twitter:data1\" content=\"2 minutes\" \/>\n<script type=\"application\/ld+json\" class=\"yoast-schema-graph\">{\"@context\":\"https:\\\/\\\/schema.org\",\"@graph\":[{\"@type\":\"WebPage\",\"@id\":\"https:\\\/\\\/kompass-karrieremesse.de\\\/th-wildau\\\/\",\"url\":\"https:\\\/\\\/kompass-karrieremesse.de\\\/th-wildau\\\/\",\"name\":\"TH Wildau - Kompass-Karrieremesse\",\"isPartOf\":{\"@id\":\"https:\\\/\\\/kompass-karrieremesse.de\\\/#website\"},\"primaryImageOfPage\":{\"@id\":\"https:\\\/\\\/kompass-karrieremesse.de\\\/th-wildau\\\/#primaryimage\"},\"image\":{\"@id\":\"https:\\\/\\\/kompass-karrieremesse.de\\\/th-wildau\\\/#primaryimage\"},\"thumbnailUrl\":\"https:\\\/\\\/kompass-karrieremesse.de\\\/wp-content\\\/uploads\\\/2026\\\/04\\\/TH-Wildau-Logo_HKS44.png\",\"datePublished\":\"2026-04-24T11:24:53+00:00\",\"dateModified\":\"2026-04-24T11:38:09+00:00\",\"description\":\"Haben Sie Fragen? In unserem FAQ-Bereich finden Sie schnelle Antworten auf h\u00e4ufig gestellte Anliegen. Entdecken Sie hilfreiche Informationen\",\"breadcrumb\":{\"@id\":\"https:\\\/\\\/kompass-karrieremesse.de\\\/th-wildau\\\/#breadcrumb\"},\"inLanguage\":\"en-GB\",\"potentialAction\":[{\"@type\":\"ReadAction\",\"target\":[\"https:\\\/\\\/kompass-karrieremesse.de\\\/th-wildau\\\/\"]}]},{\"@type\":\"ImageObject\",\"inLanguage\":\"en-GB\",\"@id\":\"https:\\\/\\\/kompass-karrieremesse.de\\\/th-wildau\\\/#primaryimage\",\"url\":\"https:\\\/\\\/kompass-karrieremesse.de\\\/wp-content\\\/uploads\\\/2026\\\/04\\\/TH-Wildau-Logo_HKS44.png\",\"contentUrl\":\"https:\\\/\\\/kompass-karrieremesse.de\\\/wp-content\\\/uploads\\\/2026\\\/04\\\/TH-Wildau-Logo_HKS44.png\"},{\"@type\":\"BreadcrumbList\",\"@id\":\"https:\\\/\\\/kompass-karrieremesse.de\\\/th-wildau\\\/#breadcrumb\",\"itemListElement\":[{\"@type\":\"ListItem\",\"position\":1,\"name\":\"Startseite\",\"item\":\"https:\\\/\\\/kompass-karrieremesse.de\\\/\"},{\"@type\":\"ListItem\",\"position\":2,\"name\":\"TH Wildau\"}]},{\"@type\":\"WebSite\",\"@id\":\"https:\\\/\\\/kompass-karrieremesse.de\\\/#website\",\"url\":\"https:\\\/\\\/kompass-karrieremesse.de\\\/\",\"name\":\"Kompass-Karrieremesse\",\"description\":\"Navigate your future\",\"publisher\":{\"@id\":\"https:\\\/\\\/kompass-karrieremesse.de\\\/#organization\"},\"potentialAction\":[{\"@type\":\"SearchAction\",\"target\":{\"@type\":\"EntryPoint\",\"urlTemplate\":\"https:\\\/\\\/kompass-karrieremesse.de\\\/?s={search_term_string}\"},\"query-input\":{\"@type\":\"PropertyValueSpecification\",\"valueRequired\":true,\"valueName\":\"search_term_string\"}}],\"inLanguage\":\"en-GB\"},{\"@type\":\"Organization\",\"@id\":\"https:\\\/\\\/kompass-karrieremesse.de\\\/#organization\",\"name\":\"Partnerkreis Industrie und Wirtschaft\",\"url\":\"https:\\\/\\\/kompass-karrieremesse.de\\\/\",\"logo\":{\"@type\":\"ImageObject\",\"inLanguage\":\"en-GB\",\"@id\":\"https:\\\/\\\/kompass-karrieremesse.de\\\/#\\\/schema\\\/logo\\\/image\\\/\",\"url\":\"https:\\\/\\\/kompass-karrieremesse.de\\\/wp-content\\\/uploads\\\/2025\\\/08\\\/Logo_PIW-scaled.png\",\"contentUrl\":\"https:\\\/\\\/kompass-karrieremesse.de\\\/wp-content\\\/uploads\\\/2025\\\/08\\\/Logo_PIW-scaled.png\",\"width\":2560,\"height\":1118,\"caption\":\"Partnerkreis Industrie und Wirtschaft\"},\"image\":{\"@id\":\"https:\\\/\\\/kompass-karrieremesse.de\\\/#\\\/schema\\\/logo\\\/image\\\/\"},\"sameAs\":[\"https:\\\/\\\/de.linkedin.com\\\/company\\\/partnerkreis-industrie-wirtschaft\"]}]}<\/script>\n<!-- \/ Yoast SEO plugin. -->","yoast_head_json":{"title":"TH Wildau - Kompass-Karrieremesse","description":"Haben Sie Fragen? In unserem FAQ-Bereich finden Sie schnelle Antworten auf h\u00e4ufig gestellte Anliegen. Entdecken Sie hilfreiche Informationen","robots":{"index":"index","follow":"follow","max-snippet":"max-snippet:-1","max-image-preview":"max-image-preview:large","max-video-preview":"max-video-preview:-1"},"canonical":"https:\/\/kompass-karrieremesse.de\/en\/th-wildau\/","og_locale":"en_GB","og_type":"article","og_title":"TH Wildau - Kompass-Karrieremesse","og_description":"Haben Sie Fragen? In unserem FAQ-Bereich finden Sie schnelle Antworten auf h\u00e4ufig gestellte Anliegen. Entdecken Sie hilfreiche Informationen","og_url":"https:\/\/kompass-karrieremesse.de\/en\/th-wildau\/","og_site_name":"Kompass-Karrieremesse","article_modified_time":"2026-04-24T11:38:09+00:00","og_image":[{"width":548,"height":220,"url":"https:\/\/kompass-karrieremesse.de\/wp-content\/uploads\/2026\/04\/TH-Wildau-Logo_HKS44.png","type":"image\/png"}],"twitter_card":"summary_large_image","twitter_misc":{"Estimated reading time":"2 minutes"},"schema":{"@context":"https:\/\/schema.org","@graph":[{"@type":"WebPage","@id":"https:\/\/kompass-karrieremesse.de\/th-wildau\/","url":"https:\/\/kompass-karrieremesse.de\/th-wildau\/","name":"TH Wildau - Kompass-Karrieremesse","isPartOf":{"@id":"https:\/\/kompass-karrieremesse.de\/#website"},"primaryImageOfPage":{"@id":"https:\/\/kompass-karrieremesse.de\/th-wildau\/#primaryimage"},"image":{"@id":"https:\/\/kompass-karrieremesse.de\/th-wildau\/#primaryimage"},"thumbnailUrl":"https:\/\/kompass-karrieremesse.de\/wp-content\/uploads\/2026\/04\/TH-Wildau-Logo_HKS44.png","datePublished":"2026-04-24T11:24:53+00:00","dateModified":"2026-04-24T11:38:09+00:00","description":"Haben Sie Fragen? In unserem FAQ-Bereich finden Sie schnelle Antworten auf h\u00e4ufig gestellte Anliegen. Entdecken Sie hilfreiche Informationen","breadcrumb":{"@id":"https:\/\/kompass-karrieremesse.de\/th-wildau\/#breadcrumb"},"inLanguage":"en-GB","potentialAction":[{"@type":"ReadAction","target":["https:\/\/kompass-karrieremesse.de\/th-wildau\/"]}]},{"@type":"ImageObject","inLanguage":"en-GB","@id":"https:\/\/kompass-karrieremesse.de\/th-wildau\/#primaryimage","url":"https:\/\/kompass-karrieremesse.de\/wp-content\/uploads\/2026\/04\/TH-Wildau-Logo_HKS44.png","contentUrl":"https:\/\/kompass-karrieremesse.de\/wp-content\/uploads\/2026\/04\/TH-Wildau-Logo_HKS44.png"},{"@type":"BreadcrumbList","@id":"https:\/\/kompass-karrieremesse.de\/th-wildau\/#breadcrumb","itemListElement":[{"@type":"ListItem","position":1,"name":"Startseite","item":"https:\/\/kompass-karrieremesse.de\/"},{"@type":"ListItem","position":2,"name":"TH Wildau"}]},{"@type":"WebSite","@id":"https:\/\/kompass-karrieremesse.de\/#website","url":"https:\/\/kompass-karrieremesse.de\/","name":"Kompass-Karrieremesse","description":"Navigate your future","publisher":{"@id":"https:\/\/kompass-karrieremesse.de\/#organization"},"potentialAction":[{"@type":"SearchAction","target":{"@type":"EntryPoint","urlTemplate":"https:\/\/kompass-karrieremesse.de\/?s={search_term_string}"},"query-input":{"@type":"PropertyValueSpecification","valueRequired":true,"valueName":"search_term_string"}}],"inLanguage":"en-GB"},{"@type":"Organization","@id":"https:\/\/kompass-karrieremesse.de\/#organization","name":"Partnerkreis Industrie und Wirtschaft","url":"https:\/\/kompass-karrieremesse.de\/","logo":{"@type":"ImageObject","inLanguage":"en-GB","@id":"https:\/\/kompass-karrieremesse.de\/#\/schema\/logo\/image\/","url":"https:\/\/kompass-karrieremesse.de\/wp-content\/uploads\/2025\/08\/Logo_PIW-scaled.png","contentUrl":"https:\/\/kompass-karrieremesse.de\/wp-content\/uploads\/2025\/08\/Logo_PIW-scaled.png","width":2560,"height":1118,"caption":"Partnerkreis Industrie und Wirtschaft"},"image":{"@id":"https:\/\/kompass-karrieremesse.de\/#\/schema\/logo\/image\/"},"sameAs":["https:\/\/de.linkedin.com\/company\/partnerkreis-industrie-wirtschaft"]}]}},"_links":{"self":[{"href":"https:\/\/kompass-karrieremesse.de\/en\/wp-json\/wp\/v2\/pages\/4014","targetHints":{"allow":["GET"]}}],"collection":[{"href":"https:\/\/kompass-karrieremesse.de\/en\/wp-json\/wp\/v2\/pages"}],"about":[{"href":"https:\/\/kompass-karrieremesse.de\/en\/wp-json\/wp\/v2\/types\/page"}],"author":[{"embeddable":true,"href":"https:\/\/kompass-karrieremesse.de\/en\/wp-json\/wp\/v2\/users\/1"}],"replies":[{"embeddable":true,"href":"https:\/\/kompass-karrieremesse.de\/en\/wp-json\/wp\/v2\/comments?post=4014"}],"version-history":[{"count":19,"href":"https:\/\/kompass-karrieremesse.de\/en\/wp-json\/wp\/v2\/pages\/4014\/revisions"}],"predecessor-version":[{"id":4033,"href":"https:\/\/kompass-karrieremesse.de\/en\/wp-json\/wp\/v2\/pages\/4014\/revisions\/4033"}],"wp:attachment":[{"href":"https:\/\/kompass-karrieremesse.de\/en\/wp-json\/wp\/v2\/media?parent=4014"}],"curies":[{"name":"wp","href":"https:\/\/api.w.org\/{rel}","templated":true}]}}