{"id":3138,"date":"2026-02-25T15:23:59","date_gmt":"2026-02-25T14:23:59","guid":{"rendered":"https:\/\/kompass-karrieremesse.de\/?page_id=3138"},"modified":"2026-02-27T15:03:20","modified_gmt":"2026-02-27T14:03:20","slug":"sectorlens","status":"publish","type":"page","link":"https:\/\/kompass-karrieremesse.de\/en\/sectorlens\/","title":{"rendered":"Sectorlens"},"content":{"rendered":"<div data-elementor-type=\"wp-page\" data-elementor-id=\"3138\" class=\"elementor elementor-3138\">\n\t\t\t\t<div class=\"elementor-element elementor-element-5c57ecd e-flex e-con-boxed wpr-particle-no wpr-jarallax-no wpr-parallax-no wpr-sticky-section-no wpr-equal-height-no e-con e-parent\" data-id=\"5c57ecd\" data-element_type=\"container\" data-e-type=\"container\" data-settings=\"{&quot;background_background&quot;:&quot;classic&quot;,&quot;_ha_eqh_enable&quot;:false}\">\n\t\t\t\t\t<div class=\"e-con-inner\">\n\t\t\t\t<div class=\"elementor-element elementor-element-1075b4e elementor-invisible elementor-widget elementor-widget-heading\" data-id=\"1075b4e\" data-element_type=\"widget\" data-e-type=\"widget\" data-settings=\"{&quot;_animation&quot;:&quot;fadeInDown&quot;}\" data-widget_type=\"heading.default\">\n\t\t\t\t\t<h2 class=\"elementor-heading-title elementor-size-default\">Sectorlens GmbH<\/h2>\t\t\t\t<\/div>\n\t\t\t\t<div class=\"elementor-element elementor-element-9ad1e25 elementor-widget-divider--view-line elementor-invisible elementor-widget elementor-widget-divider\" data-id=\"9ad1e25\" data-element_type=\"widget\" data-e-type=\"widget\" data-settings=\"{&quot;_animation&quot;:&quot;fadeInUp&quot;}\" data-widget_type=\"divider.default\">\n\t\t\t\t\t\t\t<div class=\"elementor-divider\">\n\t\t\t<span class=\"elementor-divider-separator\">\n\t\t\t\t\t\t<\/span>\n\t\t<\/div>\n\t\t\t\t\t\t<\/div>\n\t\t\t\t\t<\/div>\n\t\t\t\t<\/div>\n\t\t<div class=\"elementor-element elementor-element-8d8d0da e-flex e-con-boxed wpr-particle-no wpr-jarallax-no wpr-parallax-no wpr-sticky-section-no wpr-equal-height-no e-con e-parent\" data-id=\"8d8d0da\" data-element_type=\"container\" data-e-type=\"container\" data-settings=\"{&quot;background_background&quot;:&quot;gradient&quot;,&quot;_ha_eqh_enable&quot;:false}\">\n\t\t\t\t\t<div class=\"e-con-inner\">\n\t\t<div class=\"elementor-element elementor-element-011157e e-con-full e-flex wpr-particle-no wpr-jarallax-no wpr-parallax-no wpr-sticky-section-no wpr-equal-height-no e-con e-child\" data-id=\"011157e\" data-element_type=\"container\" data-e-type=\"container\" data-settings=\"{&quot;_ha_eqh_enable&quot;:false}\">\n\t\t<div class=\"elementor-element elementor-element-8aca8e8 e-con-full e-flex wpr-particle-no wpr-jarallax-no wpr-parallax-no wpr-sticky-section-no wpr-equal-height-no elementor-invisible e-con e-child\" data-id=\"8aca8e8\" data-element_type=\"container\" data-e-type=\"container\" data-settings=\"{&quot;animation&quot;:&quot;fadeInLeft&quot;,&quot;_ha_eqh_enable&quot;:false}\">\n\t\t\t\t<div class=\"elementor-element elementor-element-ace29bb elementor-widget elementor-widget-text-editor\" data-id=\"ace29bb\" data-element_type=\"widget\" data-e-type=\"widget\" data-widget_type=\"text-editor.default\">\n\t\t\t\t\t\t\t\t\t<p>We are Sectorlens, an AI spin-off from the University of Potsdam. We build AI-powered analytics that help companies make faster and more informed digital decisions. Our strength: We translate complex data into clear insights and concrete recommendations that are understandable, comprehensible, and directly applicable. With our Find-Your-Software product family, for example, we make software selection measurably efficient and bring structure to digitization projects.\u00a0<\/p>\t\t\t\t\t\t\t\t<\/div>\n\t\t\t\t<\/div>\n\t\t<div class=\"elementor-element elementor-element-a52df21 e-flex e-con-boxed wpr-particle-no wpr-jarallax-no wpr-parallax-no wpr-sticky-section-no wpr-equal-height-no elementor-invisible e-con e-child\" data-id=\"a52df21\" data-element_type=\"container\" data-e-type=\"container\" data-settings=\"{&quot;animation&quot;:&quot;fadeInRight&quot;,&quot;_ha_eqh_enable&quot;:false}\">\n\t\t\t\t\t<div class=\"e-con-inner\">\n\t\t\t\t<div class=\"elementor-element elementor-element-dcdc7a2 ha-has-bg-overlay elementor-widget elementor-widget-image\" data-id=\"dcdc7a2\" data-element_type=\"widget\" data-e-type=\"widget\" data-widget_type=\"image.default\">\n\t\t\t\t\t\t\t\t\t\t\t\t\t\t\t\t<a href=\"https:\/\/sectorlens.de\/\">\n\t\t\t\t\t\t\t<img fetchpriority=\"high\" decoding=\"async\" width=\"1024\" height=\"677\" src=\"https:\/\/kompass-karrieremesse.de\/wp-content\/uploads\/2026\/02\/logo-1-1024x677.png\" class=\"attachment-large size-large wp-image-3142\" alt=\"\" srcset=\"https:\/\/kompass-karrieremesse.de\/wp-content\/uploads\/2026\/02\/logo-1-1024x677.png 1024w, https:\/\/kompass-karrieremesse.de\/wp-content\/uploads\/2026\/02\/logo-1-300x198.png 300w, https:\/\/kompass-karrieremesse.de\/wp-content\/uploads\/2026\/02\/logo-1-768x508.png 768w, https:\/\/kompass-karrieremesse.de\/wp-content\/uploads\/2026\/02\/logo-1-1536x1016.png 1536w, https:\/\/kompass-karrieremesse.de\/wp-content\/uploads\/2026\/02\/logo-1-2048x1355.png 2048w, https:\/\/kompass-karrieremesse.de\/wp-content\/uploads\/2026\/02\/logo-1-18x12.png 18w\" sizes=\"(max-width: 1024px) 100vw, 1024px\" \/>\t\t\t\t\t\t\t\t<\/a>\n\t\t\t\t\t\t\t\t\t\t\t\t\t\t\t<\/div>\n\t\t\t\t\t<\/div>\n\t\t\t\t<\/div>\n\t\t\t\t<\/div>\n\t\t<div class=\"elementor-element elementor-element-3cfa2aa e-con-full e-flex eael_liquid_glass-effect1 eael_liquid_glass_shadow-effect1 wpr-particle-no wpr-jarallax-no wpr-parallax-no wpr-sticky-section-no wpr-equal-height-no elementor-invisible e-con e-child\" data-id=\"3cfa2aa\" data-element_type=\"container\" data-e-type=\"container\" data-settings=\"{&quot;animation&quot;:&quot;fadeInUp&quot;,&quot;_ha_eqh_enable&quot;:false}\">\n\t\t<div class=\"elementor-element elementor-element-57378ab e-con-full e-flex wpr-particle-no wpr-jarallax-no wpr-parallax-no wpr-sticky-section-no wpr-equal-height-no e-con e-child\" data-id=\"57378ab\" data-element_type=\"container\" data-e-type=\"container\" data-settings=\"{&quot;_ha_eqh_enable&quot;:false}\">\n\t\t<div class=\"elementor-element elementor-element-270c25b e-con-full e-flex wpr-particle-no wpr-jarallax-no wpr-parallax-no wpr-sticky-section-no wpr-equal-height-no e-con e-child\" data-id=\"270c25b\" data-element_type=\"container\" data-e-type=\"container\" data-settings=\"{&quot;_ha_eqh_enable&quot;:false}\">\n\t\t\t\t<div class=\"elementor-element elementor-element-78e8e73 elementor-widget elementor-widget-heading\" data-id=\"78e8e73\" data-element_type=\"widget\" data-e-type=\"widget\" data-widget_type=\"heading.default\">\n\t\t\t\t\t<h2 class=\"elementor-heading-title elementor-size-default\">Who are we looking for?<\/h2>\t\t\t\t<\/div>\n\t\t\t\t<div class=\"elementor-element elementor-element-492e6b8 elementor-widget elementor-widget-text-editor\" data-id=\"492e6b8\" data-element_type=\"widget\" data-e-type=\"widget\" data-widget_type=\"text-editor.default\">\n\t\t\t\t\t\t\t\t\t<p class=\"my-2\">Which fields of study, subject areas, or skills are we particularly interested in?<\/p><p class=\"my-2\">We are looking for people with backgrounds in computer science, data science\/AI, and UX\u2014especially those with skills in ML\/NLP, data engineering, web\/cloud, and product. We also welcome talented individuals in sales\/marketing (B2B\/growth) who can explain complex AI use cases in an understandable way and bring them to market.<\/p>\t\t\t\t\t\t\t\t<\/div>\n\t\t\t\t<div class=\"elementor-element elementor-element-6a089f8 elementor-widget elementor-widget-heading\" data-id=\"6a089f8\" data-element_type=\"widget\" data-e-type=\"widget\" data-widget_type=\"heading.default\">\n\t\t\t\t\t<h2 class=\"elementor-heading-title elementor-size-default\">Your career opportunities with us<\/h2>\t\t\t\t<\/div>\n\t\t\t\t<div class=\"elementor-element elementor-element-31b9ec6 elementor-widget elementor-widget-text-editor\" data-id=\"31b9ec6\" data-element_type=\"widget\" data-e-type=\"widget\" data-widget_type=\"text-editor.default\">\n\t\t\t\t\t\t\t\t\t<p class=\"my-2\">What opportunities are available for students and graduates, e.g., internships, working student positions, trainee programs, or direct entry?<\/p><p class=\"my-2\">With us, you can start with internships, working student jobs, theses, or\u2014depending on your profile\u2014direct entry.<\/p>\t\t\t\t\t\t\t\t<\/div>\n\t\t\t\t<div class=\"elementor-element elementor-element-497c6f2 elementor-widget elementor-widget-heading\" data-id=\"497c6f2\" data-element_type=\"widget\" data-e-type=\"widget\" data-widget_type=\"heading.default\">\n\t\t\t\t\t<h2 class=\"elementor-heading-title elementor-size-default\">Our working environment<\/h2>\t\t\t\t<\/div>\n\t\t\t\t<div class=\"elementor-element elementor-element-d9f0ede elementor-widget elementor-widget-text-editor\" data-id=\"d9f0ede\" data-element_type=\"widget\" data-e-type=\"widget\" data-widget_type=\"text-editor.default\">\n\t\t\t\t\t\t\t\t\t<p class=\"my-2\">We are based in Potsdam (near Berlin). We work in a small team with short communication channels, honest feedback, and plenty of creative freedom. What sets us apart: pragmatic startup energy, scientific depth, and a collaborative atmosphere where everyone is treated as an equal.<\/p>\t\t\t\t\t\t\t\t<\/div>\n\t\t\t\t<\/div>\n\t\t\t\t<\/div>\n\t\t<div class=\"elementor-element elementor-element-d04079f e-con-full e-flex wpr-particle-no wpr-jarallax-no wpr-parallax-no wpr-sticky-section-no wpr-equal-height-no e-con e-child\" data-id=\"d04079f\" data-element_type=\"container\" data-e-type=\"container\" data-settings=\"{&quot;_ha_eqh_enable&quot;:false}\">\n\t\t<div class=\"elementor-element elementor-element-911a43d e-con-full e-flex wpr-particle-no wpr-jarallax-no wpr-parallax-no wpr-sticky-section-no wpr-equal-height-no e-con e-child\" data-id=\"911a43d\" data-element_type=\"container\" data-e-type=\"container\" data-settings=\"{&quot;_ha_eqh_enable&quot;:false}\">\n\t\t\t\t<div class=\"elementor-element elementor-element-49b5583 elementor-widget elementor-widget-heading\" data-id=\"49b5583\" data-element_type=\"widget\" data-e-type=\"widget\" data-widget_type=\"heading.default\">\n\t\t\t\t\t<h2 class=\"elementor-heading-title elementor-size-default\">Why is it worth visiting our booth?<\/h2>\t\t\t\t<\/div>\n\t\t\t\t<div class=\"elementor-element elementor-element-fe2aa02 elementor-widget elementor-widget-text-editor\" data-id=\"fe2aa02\" data-element_type=\"widget\" data-e-type=\"widget\" data-widget_type=\"text-editor.default\">\n\t\t\t\t\t\t\t\t\t<p>Because we give you hands-on experience with AI: live demos, real-life cases, and a look behind the scenes of our tech stack. You can also talk to us directly about career opportunities.<\/p>\t\t\t\t\t\t\t\t<\/div>\n\t\t\t\t<div class=\"elementor-element elementor-element-5a5dc80 elementor-widget elementor-widget-image\" data-id=\"5a5dc80\" data-element_type=\"widget\" data-e-type=\"widget\" data-widget_type=\"image.default\">\n\t\t\t\t\t\t\t\t\t\t\t\t\t\t\t<img decoding=\"async\" width=\"1024\" height=\"683\" src=\"https:\/\/kompass-karrieremesse.de\/wp-content\/uploads\/2026\/02\/Sectorlens-Founder-1024x683.jpg\" class=\"attachment-large size-large wp-image-3140\" alt=\"\" srcset=\"https:\/\/kompass-karrieremesse.de\/wp-content\/uploads\/2026\/02\/Sectorlens-Founder-1024x683.jpg 1024w, https:\/\/kompass-karrieremesse.de\/wp-content\/uploads\/2026\/02\/Sectorlens-Founder-300x200.jpg 300w, https:\/\/kompass-karrieremesse.de\/wp-content\/uploads\/2026\/02\/Sectorlens-Founder-768x512.jpg 768w, https:\/\/kompass-karrieremesse.de\/wp-content\/uploads\/2026\/02\/Sectorlens-Founder-18x12.jpg 18w, https:\/\/kompass-karrieremesse.de\/wp-content\/uploads\/2026\/02\/Sectorlens-Founder.jpg 1200w\" sizes=\"(max-width: 1024px) 100vw, 1024px\" \/>\t\t\t\t\t\t\t\t\t\t\t\t\t\t\t<\/div>\n\t\t\t\t<div class=\"elementor-element elementor-element-55fa1c7 elementor-widget elementor-widget-heading\" data-id=\"55fa1c7\" data-element_type=\"widget\" data-e-type=\"widget\" data-widget_type=\"heading.default\">\n\t\t\t\t\t<h2 class=\"elementor-heading-title elementor-size-default\">Facts &amp; Contact<\/h2>\t\t\t\t<\/div>\n\t\t\t\t<div class=\"elementor-element elementor-element-6898b98 elementor-widget elementor-widget-text-editor\" data-id=\"6898b98\" data-element_type=\"widget\" data-e-type=\"widget\" data-widget_type=\"text-editor.default\">\n\t\t\t\t\t\t\t\t\t<p class=\"my-2\">We have been around since 2024. We are a small team with currently 5 employees and are growing step by step.<\/p><p class=\"my-2\"><strong>Contact person for the trade fair appearance:<\/strong> <br \/>Marcel Panzer <br \/><strong>Email:<\/strong> <a title=\"mailto:panzer@sectorlens.de\" contenteditable=\"false\" href=\"mailto:panzer@sectorlens.de\">panzer@sectorlens.de<\/a><br \/><strong>Websites:<\/strong> <a href=\"http:\/\/www.sectorlens.de\">sectorlens.de<\/a> | <a href=\"http:\/\/www.find-your-software.de\">find-your-software.de<\/a><\/p><p>\u00a0<\/p>\t\t\t\t\t\t\t\t<\/div>\n\t\t\t\t<\/div>\n\t\t\t\t<\/div>\n\t\t\t\t<\/div>\n\t\t\t\t\t<\/div>\n\t\t\t\t<\/div>\n\t\t\t\t<\/div>","protected":false},"excerpt":{"rendered":"<p>Sectorlens GmbH Wir sind Sectorlens, ein KI-Spin-off der Universit\u00e4t Potsdam. Wir bauen KI-gest\u00fctzte Analysen, die Unternehmen dabei helfen, digitale Entscheidungen schneller und fundierter zu treffen. Unsere St\u00e4rke: Wir \u00fcbersetzen komplexe Daten in klare Insights und konkrete Empfehlungen, verst\u00e4ndlich, nachvollziehbar und direkt anwendbar. Mit unserer Produktfamilie Find-Your-Software machen wir bspw. die Softwareauswahl messbar effizient und bringen Struktur in Digitalisierungsprojekte.\u00a0 Wen wir suchen? F\u00fcr welche Studienrichtungen, Fachgebiete oder Kompetenzen interessieren wir uns besonders? Wir suchen Menschen aus Informatik, Data Science\/AI, UX \u2013 besonders mit Skills in ML\/NLP, Data Engineering, Web\/Cloud und Product. Au\u00dferdem freuen wir uns \u00fcber Talente in Sales\/Marketing (B2B\/Growth), die komplexe KI-Use-Cases verst\u00e4ndlich machen und in den Markt bringen. Eure Einstiegsm\u00f6glichkeiten bei uns Welche Chancen gibt es f\u00fcr Studierende und Absolvent:innen z.\u202fB. Praktika, Werkstudierenden-t\u00e4tigkeiten, Traineeprogramme oder Direkteinstieg? Bei uns k\u00f6nnt ihr \u00fcber Praktika, Werkstudierendenjobs, Abschlussarbeiten oder \u2013 je nach Profil \u2013 Direkteinstieg starten. Unser Arbeitsumfeld Unser Zuhause ist Potsdam (nahe Berlin). Wir arbeiten in einem kleinen Team mit kurzen Wegen, ehrlichem Feedback und viel Gestaltungsspielraum. Was uns auszeichnet: pragmatische Startup-Energie, wissenschaftliche Tiefe und ein Miteinander auf Augenh\u00f6he. Warum lohnt sich ein Besuch an unserem Messestand? Weil ihr bei uns KI zum Anfassen bekommt: live Demos, echte Cases und ein Blick hinter die Kulissen unseres Tech-Stacks. Au\u00dferdem k\u00f6nnt ihr direkt mit uns \u00fcber Einstiegsm\u00f6glichkeiten sprechen. Fakten &amp; Kontakt Uns gibt es seit 2024. Wir sind ein kleines Team mit aktuell 5 Mitarbeitenden und wachsen Schritt f\u00fcr Schritt. Ansprechperson f\u00fcr den Messeauftritt: Marcel Panzer Email: panzer@sectorlens.deWebsites: sectorlens.de | find-your-software.de \u00a0<\/p>","protected":false},"author":1,"featured_media":0,"parent":0,"menu_order":0,"comment_status":"closed","ping_status":"closed","template":"","meta":{"site-sidebar-layout":"no-sidebar","site-content-layout":"","ast-site-content-layout":"full-width-container","site-content-style":"default","site-sidebar-style":"default","ast-global-header-display":"","ast-banner-title-visibility":"","ast-main-header-display":"","ast-hfb-above-header-display":"","ast-hfb-below-header-display":"","ast-hfb-mobile-header-display":"","site-post-title":"disabled","ast-breadcrumbs-content":"","ast-featured-img":"disabled","footer-sml-layout":"","ast-disable-related-posts":"","theme-transparent-header-meta":"default","adv-header-id-meta":"","stick-header-meta":"","header-above-stick-meta":"","header-main-stick-meta":"","header-below-stick-meta":"","astra-migrate-meta-layouts":"default","ast-page-background-enabled":"default","ast-page-background-meta":{"desktop":{"background-color":"var(--ast-global-color-5)","background-image":"","background-repeat":"repeat","background-position":"center center","background-size":"auto","background-attachment":"scroll","background-type":"","background-media":"","overlay-type":"","overlay-color":"","overlay-opacity":"","overlay-gradient":""},"tablet":{"background-color":"","background-image":"","background-repeat":"repeat","background-position":"center center","background-size":"auto","background-attachment":"scroll","background-type":"","background-media":"","overlay-type":"","overlay-color":"","overlay-opacity":"","overlay-gradient":""},"mobile":{"background-color":"","background-image":"","background-repeat":"repeat","background-position":"center center","background-size":"auto","background-attachment":"scroll","background-type":"","background-media":"","overlay-type":"","overlay-color":"","overlay-opacity":"","overlay-gradient":""}},"ast-content-background-meta":{"desktop":{"background-color":"var(--ast-global-color-4)","background-image":"","background-repeat":"repeat","background-position":"center center","background-size":"auto","background-attachment":"scroll","background-type":"","background-media":"","overlay-type":"","overlay-color":"","overlay-opacity":"","overlay-gradient":""},"tablet":{"background-color":"var(--ast-global-color-4)","background-image":"","background-repeat":"repeat","background-position":"center center","background-size":"auto","background-attachment":"scroll","background-type":"","background-media":"","overlay-type":"","overlay-color":"","overlay-opacity":"","overlay-gradient":""},"mobile":{"background-color":"var(--ast-global-color-4)","background-image":"","background-repeat":"repeat","background-position":"center center","background-size":"auto","background-attachment":"scroll","background-type":"","background-media":"","overlay-type":"","overlay-color":"","overlay-opacity":"","overlay-gradient":""}},"footnotes":""},"class_list":["post-3138","page","type-page","status-publish","hentry"],"yoast_head":"<!-- This site is optimized with the Yoast SEO plugin v27.5 - https:\/\/yoast.com\/product\/yoast-seo-wordpress\/ -->\n<title>Sectorlens - Kompass-Karrieremesse<\/title>\n<meta name=\"description\" content=\"Haben Sie Fragen? In unserem FAQ-Bereich finden Sie schnelle Antworten auf h\u00e4ufig gestellte Anliegen. Entdecken Sie hilfreiche Informationen\" \/>\n<meta name=\"robots\" content=\"index, follow, max-snippet:-1, max-image-preview:large, max-video-preview:-1\" \/>\n<link rel=\"canonical\" href=\"https:\/\/kompass-karrieremesse.de\/en\/sectorlens\/\" \/>\n<meta property=\"og:locale\" content=\"en_GB\" \/>\n<meta property=\"og:type\" content=\"article\" \/>\n<meta property=\"og:title\" content=\"Sectorlens - Kompass-Karrieremesse\" \/>\n<meta property=\"og:description\" content=\"Haben Sie Fragen? In unserem FAQ-Bereich finden Sie schnelle Antworten auf h\u00e4ufig gestellte Anliegen. Entdecken Sie hilfreiche Informationen\" \/>\n<meta property=\"og:url\" content=\"https:\/\/kompass-karrieremesse.de\/en\/sectorlens\/\" \/>\n<meta property=\"og:site_name\" content=\"Kompass-Karrieremesse\" \/>\n<meta property=\"article:modified_time\" content=\"2026-02-27T14:03:20+00:00\" \/>\n<meta property=\"og:image\" content=\"https:\/\/kompass-karrieremesse.de\/wp-content\/uploads\/2026\/02\/logo-1.png\" \/>\n\t<meta property=\"og:image:width\" content=\"2345\" \/>\n\t<meta property=\"og:image:height\" content=\"1551\" \/>\n\t<meta property=\"og:image:type\" content=\"image\/png\" \/>\n<meta name=\"twitter:card\" content=\"summary_large_image\" \/>\n<meta name=\"twitter:label1\" content=\"Estimated reading time\" \/>\n\t<meta name=\"twitter:data1\" content=\"2 minutes\" \/>\n<script type=\"application\/ld+json\" class=\"yoast-schema-graph\">{\"@context\":\"https:\\\/\\\/schema.org\",\"@graph\":[{\"@type\":\"WebPage\",\"@id\":\"https:\\\/\\\/kompass-karrieremesse.de\\\/sectorlens\\\/\",\"url\":\"https:\\\/\\\/kompass-karrieremesse.de\\\/sectorlens\\\/\",\"name\":\"Sectorlens - Kompass-Karrieremesse\",\"isPartOf\":{\"@id\":\"https:\\\/\\\/kompass-karrieremesse.de\\\/#website\"},\"primaryImageOfPage\":{\"@id\":\"https:\\\/\\\/kompass-karrieremesse.de\\\/sectorlens\\\/#primaryimage\"},\"image\":{\"@id\":\"https:\\\/\\\/kompass-karrieremesse.de\\\/sectorlens\\\/#primaryimage\"},\"thumbnailUrl\":\"https:\\\/\\\/kompass-karrieremesse.de\\\/wp-content\\\/uploads\\\/2026\\\/02\\\/logo-1-1024x677.png\",\"datePublished\":\"2026-02-25T14:23:59+00:00\",\"dateModified\":\"2026-02-27T14:03:20+00:00\",\"description\":\"Haben Sie Fragen? In unserem FAQ-Bereich finden Sie schnelle Antworten auf h\u00e4ufig gestellte Anliegen. Entdecken Sie hilfreiche Informationen\",\"breadcrumb\":{\"@id\":\"https:\\\/\\\/kompass-karrieremesse.de\\\/sectorlens\\\/#breadcrumb\"},\"inLanguage\":\"en-GB\",\"potentialAction\":[{\"@type\":\"ReadAction\",\"target\":[\"https:\\\/\\\/kompass-karrieremesse.de\\\/sectorlens\\\/\"]}]},{\"@type\":\"ImageObject\",\"inLanguage\":\"en-GB\",\"@id\":\"https:\\\/\\\/kompass-karrieremesse.de\\\/sectorlens\\\/#primaryimage\",\"url\":\"https:\\\/\\\/kompass-karrieremesse.de\\\/wp-content\\\/uploads\\\/2026\\\/02\\\/logo-1-1024x677.png\",\"contentUrl\":\"https:\\\/\\\/kompass-karrieremesse.de\\\/wp-content\\\/uploads\\\/2026\\\/02\\\/logo-1-1024x677.png\"},{\"@type\":\"BreadcrumbList\",\"@id\":\"https:\\\/\\\/kompass-karrieremesse.de\\\/sectorlens\\\/#breadcrumb\",\"itemListElement\":[{\"@type\":\"ListItem\",\"position\":1,\"name\":\"Startseite\",\"item\":\"https:\\\/\\\/kompass-karrieremesse.de\\\/\"},{\"@type\":\"ListItem\",\"position\":2,\"name\":\"Sectorlens\"}]},{\"@type\":\"WebSite\",\"@id\":\"https:\\\/\\\/kompass-karrieremesse.de\\\/#website\",\"url\":\"https:\\\/\\\/kompass-karrieremesse.de\\\/\",\"name\":\"Kompass-Karrieremesse\",\"description\":\"Navigate your future\",\"publisher\":{\"@id\":\"https:\\\/\\\/kompass-karrieremesse.de\\\/#organization\"},\"potentialAction\":[{\"@type\":\"SearchAction\",\"target\":{\"@type\":\"EntryPoint\",\"urlTemplate\":\"https:\\\/\\\/kompass-karrieremesse.de\\\/?s={search_term_string}\"},\"query-input\":{\"@type\":\"PropertyValueSpecification\",\"valueRequired\":true,\"valueName\":\"search_term_string\"}}],\"inLanguage\":\"en-GB\"},{\"@type\":\"Organization\",\"@id\":\"https:\\\/\\\/kompass-karrieremesse.de\\\/#organization\",\"name\":\"Partnerkreis Industrie und Wirtschaft\",\"url\":\"https:\\\/\\\/kompass-karrieremesse.de\\\/\",\"logo\":{\"@type\":\"ImageObject\",\"inLanguage\":\"en-GB\",\"@id\":\"https:\\\/\\\/kompass-karrieremesse.de\\\/#\\\/schema\\\/logo\\\/image\\\/\",\"url\":\"https:\\\/\\\/kompass-karrieremesse.de\\\/wp-content\\\/uploads\\\/2025\\\/08\\\/Logo_PIW-scaled.png\",\"contentUrl\":\"https:\\\/\\\/kompass-karrieremesse.de\\\/wp-content\\\/uploads\\\/2025\\\/08\\\/Logo_PIW-scaled.png\",\"width\":2560,\"height\":1118,\"caption\":\"Partnerkreis Industrie und Wirtschaft\"},\"image\":{\"@id\":\"https:\\\/\\\/kompass-karrieremesse.de\\\/#\\\/schema\\\/logo\\\/image\\\/\"},\"sameAs\":[\"https:\\\/\\\/de.linkedin.com\\\/company\\\/partnerkreis-industrie-wirtschaft\"]}]}<\/script>\n<!-- \/ Yoast SEO plugin. -->","yoast_head_json":{"title":"Sectorlens - Kompass-Karrieremesse","description":"Haben Sie Fragen? In unserem FAQ-Bereich finden Sie schnelle Antworten auf h\u00e4ufig gestellte Anliegen. Entdecken Sie hilfreiche Informationen","robots":{"index":"index","follow":"follow","max-snippet":"max-snippet:-1","max-image-preview":"max-image-preview:large","max-video-preview":"max-video-preview:-1"},"canonical":"https:\/\/kompass-karrieremesse.de\/en\/sectorlens\/","og_locale":"en_GB","og_type":"article","og_title":"Sectorlens - Kompass-Karrieremesse","og_description":"Haben Sie Fragen? In unserem FAQ-Bereich finden Sie schnelle Antworten auf h\u00e4ufig gestellte Anliegen. Entdecken Sie hilfreiche Informationen","og_url":"https:\/\/kompass-karrieremesse.de\/en\/sectorlens\/","og_site_name":"Kompass-Karrieremesse","article_modified_time":"2026-02-27T14:03:20+00:00","og_image":[{"width":2345,"height":1551,"url":"https:\/\/kompass-karrieremesse.de\/wp-content\/uploads\/2026\/02\/logo-1.png","type":"image\/png"}],"twitter_card":"summary_large_image","twitter_misc":{"Estimated reading time":"2 minutes"},"schema":{"@context":"https:\/\/schema.org","@graph":[{"@type":"WebPage","@id":"https:\/\/kompass-karrieremesse.de\/sectorlens\/","url":"https:\/\/kompass-karrieremesse.de\/sectorlens\/","name":"Sectorlens - Kompass-Karrieremesse","isPartOf":{"@id":"https:\/\/kompass-karrieremesse.de\/#website"},"primaryImageOfPage":{"@id":"https:\/\/kompass-karrieremesse.de\/sectorlens\/#primaryimage"},"image":{"@id":"https:\/\/kompass-karrieremesse.de\/sectorlens\/#primaryimage"},"thumbnailUrl":"https:\/\/kompass-karrieremesse.de\/wp-content\/uploads\/2026\/02\/logo-1-1024x677.png","datePublished":"2026-02-25T14:23:59+00:00","dateModified":"2026-02-27T14:03:20+00:00","description":"Haben Sie Fragen? In unserem FAQ-Bereich finden Sie schnelle Antworten auf h\u00e4ufig gestellte Anliegen. Entdecken Sie hilfreiche Informationen","breadcrumb":{"@id":"https:\/\/kompass-karrieremesse.de\/sectorlens\/#breadcrumb"},"inLanguage":"en-GB","potentialAction":[{"@type":"ReadAction","target":["https:\/\/kompass-karrieremesse.de\/sectorlens\/"]}]},{"@type":"ImageObject","inLanguage":"en-GB","@id":"https:\/\/kompass-karrieremesse.de\/sectorlens\/#primaryimage","url":"https:\/\/kompass-karrieremesse.de\/wp-content\/uploads\/2026\/02\/logo-1-1024x677.png","contentUrl":"https:\/\/kompass-karrieremesse.de\/wp-content\/uploads\/2026\/02\/logo-1-1024x677.png"},{"@type":"BreadcrumbList","@id":"https:\/\/kompass-karrieremesse.de\/sectorlens\/#breadcrumb","itemListElement":[{"@type":"ListItem","position":1,"name":"Startseite","item":"https:\/\/kompass-karrieremesse.de\/"},{"@type":"ListItem","position":2,"name":"Sectorlens"}]},{"@type":"WebSite","@id":"https:\/\/kompass-karrieremesse.de\/#website","url":"https:\/\/kompass-karrieremesse.de\/","name":"Kompass-Karrieremesse","description":"Navigate your future","publisher":{"@id":"https:\/\/kompass-karrieremesse.de\/#organization"},"potentialAction":[{"@type":"SearchAction","target":{"@type":"EntryPoint","urlTemplate":"https:\/\/kompass-karrieremesse.de\/?s={search_term_string}"},"query-input":{"@type":"PropertyValueSpecification","valueRequired":true,"valueName":"search_term_string"}}],"inLanguage":"en-GB"},{"@type":"Organization","@id":"https:\/\/kompass-karrieremesse.de\/#organization","name":"Partnerkreis Industrie und Wirtschaft","url":"https:\/\/kompass-karrieremesse.de\/","logo":{"@type":"ImageObject","inLanguage":"en-GB","@id":"https:\/\/kompass-karrieremesse.de\/#\/schema\/logo\/image\/","url":"https:\/\/kompass-karrieremesse.de\/wp-content\/uploads\/2025\/08\/Logo_PIW-scaled.png","contentUrl":"https:\/\/kompass-karrieremesse.de\/wp-content\/uploads\/2025\/08\/Logo_PIW-scaled.png","width":2560,"height":1118,"caption":"Partnerkreis Industrie und Wirtschaft"},"image":{"@id":"https:\/\/kompass-karrieremesse.de\/#\/schema\/logo\/image\/"},"sameAs":["https:\/\/de.linkedin.com\/company\/partnerkreis-industrie-wirtschaft"]}]}},"_links":{"self":[{"href":"https:\/\/kompass-karrieremesse.de\/en\/wp-json\/wp\/v2\/pages\/3138","targetHints":{"allow":["GET"]}}],"collection":[{"href":"https:\/\/kompass-karrieremesse.de\/en\/wp-json\/wp\/v2\/pages"}],"about":[{"href":"https:\/\/kompass-karrieremesse.de\/en\/wp-json\/wp\/v2\/types\/page"}],"author":[{"embeddable":true,"href":"https:\/\/kompass-karrieremesse.de\/en\/wp-json\/wp\/v2\/users\/1"}],"replies":[{"embeddable":true,"href":"https:\/\/kompass-karrieremesse.de\/en\/wp-json\/wp\/v2\/comments?post=3138"}],"version-history":[{"count":28,"href":"https:\/\/kompass-karrieremesse.de\/en\/wp-json\/wp\/v2\/pages\/3138\/revisions"}],"predecessor-version":[{"id":3215,"href":"https:\/\/kompass-karrieremesse.de\/en\/wp-json\/wp\/v2\/pages\/3138\/revisions\/3215"}],"wp:attachment":[{"href":"https:\/\/kompass-karrieremesse.de\/en\/wp-json\/wp\/v2\/media?parent=3138"}],"curies":[{"name":"wp","href":"https:\/\/api.w.org\/{rel}","templated":true}]}}